{"id":2,"date":"2025-04-29T14:29:00","date_gmt":"2025-04-29T14:29:00","guid":{"rendered":"https:\/\/peluqueriamasculinaleire.rkinformatika.online\/?page_id=2"},"modified":"2025-05-15T13:32:26","modified_gmt":"2025-05-15T13:32:26","slug":"inicio","status":"publish","type":"page","link":"https:\/\/peluqueriamasculinaleire.com\/eu\/","title":{"rendered":"Hasiera"},"content":{"rendered":"<div data-elementor-type=\"wp-page\" data-elementor-id=\"2\" class=\"elementor elementor-2\" data-elementor-post-type=\"page\">\n\t\t\t\t\t\t<section class=\"elementor-section elementor-top-section elementor-element elementor-element-74f9e45e elementor-section-full_width elementor-section-height-default elementor-section-height-default\" data-id=\"74f9e45e\" data-element_type=\"section\" data-e-type=\"section\" data-settings=\"{&quot;background_background&quot;:&quot;classic&quot;}\">\n\t\t\t\t\t\t\t<div class=\"elementor-background-overlay\"><\/div>\n\t\t\t\t\t\t\t<div class=\"elementor-container elementor-column-gap-default\">\n\t\t\t\t\t<div class=\"elementor-column elementor-col-100 elementor-top-column elementor-element elementor-element-974fd7e\" data-id=\"974fd7e\" data-element_type=\"column\" data-e-type=\"column\">\n\t\t\t<div class=\"elementor-widget-wrap\">\n\t\t\t\t\t\t\t<\/div>\n\t\t<\/div>\n\t\t\t\t\t<\/div>\n\t\t<\/section>\n\t\t\t\t<section class=\"elementor-section elementor-top-section elementor-element elementor-element-17f73b25 elementor-section-boxed elementor-section-height-default elementor-section-height-default\" data-id=\"17f73b25\" data-element_type=\"section\" data-e-type=\"section\">\n\t\t\t\t\t\t<div class=\"elementor-container elementor-column-gap-default\">\n\t\t\t\t\t<div class=\"elementor-column elementor-col-100 elementor-top-column elementor-element elementor-element-79128596 elementor-invisible\" data-id=\"79128596\" data-element_type=\"column\" data-e-type=\"column\" data-settings=\"{&quot;animation&quot;:&quot;fadeIn&quot;,&quot;animation_delay&quot;:200}\">\n\t\t\t<div class=\"elementor-widget-wrap elementor-element-populated\">\n\t\t\t\t\t\t<section class=\"elementor-section elementor-inner-section elementor-element elementor-element-5f893eee elementor-section-boxed elementor-section-height-default elementor-section-height-default\" data-id=\"5f893eee\" data-element_type=\"section\" data-e-type=\"section\">\n\t\t\t\t\t\t<div class=\"elementor-container elementor-column-gap-default\">\n\t\t\t\t\t<div class=\"elementor-column elementor-col-50 elementor-inner-column elementor-element elementor-element-5b2d7d5f\" data-id=\"5b2d7d5f\" data-element_type=\"column\" data-e-type=\"column\">\n\t\t\t<div class=\"elementor-widget-wrap elementor-element-populated\">\n\t\t\t\t\t\t<div class=\"elementor-element elementor-element-c0056b4 elementor-widget elementor-widget-heading\" data-id=\"c0056b4\" data-element_type=\"widget\" data-e-type=\"widget\" data-widget_type=\"heading.default\">\n\t\t\t\t<div class=\"elementor-widget-container\">\n\t\t\t\t\t<h2 class=\"elementor-heading-title elementor-size-default\">Gure historia<\/h2>\t\t\t\t<\/div>\n\t\t\t\t<\/div>\n\t\t\t\t<div class=\"elementor-element elementor-element-4ab03ada elementor-widget__width-initial elementor-widget elementor-widget-text-editor\" data-id=\"4ab03ada\" data-element_type=\"widget\" data-e-type=\"widget\" data-widget_type=\"text-editor.default\">\n\t\t\t\t<div class=\"elementor-widget-container\">\n\t\t\t\t\t\t\t\t\t<p>Leire Gizonezkoen Ile-apaindegiak 2000. urteaz geroztik etengabe eskaintzen ditu bere zerbitzuak Gernikan, eta erreferente bihurtu da inguruko gizonen zaintzan. Ile-apainketako eta estetikako prestakuntza sendoarekin, eta zaldunentzako ebaketetan eta tratamenduetan espezializatuta, Leirek bere bezeroen konfiantzan eta gogobetetasunean oinarritutako ibilbidea eraiki du.<\/p><p>Kalitatearekiko konpromisoari, xehetasunekiko arretari eta tratu hurbil eta pertsonalizatuari esker, bisita bakoitza esperientzia atsegina da. Hemen, irudia zaintzeaz gain, bezeroaren ongizatea ere zaintzen da, giro profesional, moderno eta abegikorrean.<\/p>\t\t\t\t\t\t\t\t<\/div>\n\t\t\t\t<\/div>\n\t\t\t\t\t<\/div>\n\t\t<\/div>\n\t\t\t\t<div class=\"elementor-column elementor-col-50 elementor-inner-column elementor-element elementor-element-201d1a82\" data-id=\"201d1a82\" data-element_type=\"column\" data-e-type=\"column\">\n\t\t\t<div class=\"elementor-widget-wrap elementor-element-populated\">\n\t\t\t\t\t\t<div class=\"elementor-element elementor-element-e60df8e elementor-widget__width-initial elementor-widget elementor-widget-image\" data-id=\"e60df8e\" data-element_type=\"widget\" data-e-type=\"widget\" data-widget_type=\"image.default\">\n\t\t\t\t<div class=\"elementor-widget-container\">\n\t\t\t\t\t\t\t\t\t\t\t\t\t\t\t<img fetchpriority=\"high\" decoding=\"async\" width=\"2048\" height=\"1474\" src=\"https:\/\/peluqueriamasculinaleire.com\/wp-content\/uploads\/2025\/04\/historia_enhanced.png\" class=\"attachment-full size-full wp-image-178\" alt=\"\" srcset=\"https:\/\/peluqueriamasculinaleire.com\/wp-content\/uploads\/2025\/04\/historia_enhanced.png 2048w, https:\/\/peluqueriamasculinaleire.com\/wp-content\/uploads\/2025\/04\/historia_enhanced-300x216.png 300w, https:\/\/peluqueriamasculinaleire.com\/wp-content\/uploads\/2025\/04\/historia_enhanced-1024x737.png 1024w, https:\/\/peluqueriamasculinaleire.com\/wp-content\/uploads\/2025\/04\/historia_enhanced-768x553.png 768w, https:\/\/peluqueriamasculinaleire.com\/wp-content\/uploads\/2025\/04\/historia_enhanced-1536x1106.png 1536w, https:\/\/peluqueriamasculinaleire.com\/wp-content\/uploads\/2025\/04\/historia_enhanced-18x12.png 18w\" sizes=\"(max-width: 2048px) 100vw, 2048px\" \/>\t\t\t\t\t\t\t\t\t\t\t\t\t\t\t<\/div>\n\t\t\t\t<\/div>\n\t\t\t\t\t<\/div>\n\t\t<\/div>\n\t\t\t\t\t<\/div>\n\t\t<\/section>\n\t\t\t\t\t<\/div>\n\t\t<\/div>\n\t\t\t\t\t<\/div>\n\t\t<\/section>\n\t\t\t\t<\/div>","protected":false},"excerpt":{"rendered":"<p>Nuestra Historia La Peluquer\u00eda Masculina Leire lleva ofreciendo sus servicios en Gernika de manera ininterrumpida desde el a\u00f1o 2000, consolid\u00e1ndose como un referente en el cuidado masculino en la zona. Con una s\u00f3lida formaci\u00f3n en peluquer\u00eda y est\u00e9tica, y una especializaci\u00f3n en cortes y tratamientos para caballeros, Leire ha construido una trayectoria basada en la [&hellip;]<\/p>\n","protected":false},"author":1,"featured_media":0,"parent":0,"menu_order":0,"comment_status":"closed","ping_status":"closed","template":"elementor_canvas","meta":{"footnotes":""},"class_list":["post-2","page","type-page","status-publish","hentry"],"yoast_head":"<!-- This site is optimized with the Yoast SEO plugin v27.3 - https:\/\/yoast.com\/product\/yoast-seo-wordpress\/ -->\n<title>Inicio - Peluqueria Masculina Leire<\/title>\n<meta name=\"robots\" content=\"index, follow, max-snippet:-1, max-image-preview:large, max-video-preview:-1\" \/>\n<link rel=\"canonical\" href=\"https:\/\/peluqueriamasculinaleire.com\/eu\/\" \/>\n<meta property=\"og:locale\" content=\"en_US\" \/>\n<meta property=\"og:type\" content=\"article\" \/>\n<meta property=\"og:title\" content=\"Inicio - Peluqueria Masculina Leire\" \/>\n<meta property=\"og:description\" content=\"Nuestra Historia La Peluquer\u00eda Masculina Leire lleva ofreciendo sus servicios en Gernika de manera ininterrumpida desde el a\u00f1o 2000, consolid\u00e1ndose como un referente en el cuidado masculino en la zona. Con una s\u00f3lida formaci\u00f3n en peluquer\u00eda y est\u00e9tica, y una especializaci\u00f3n en cortes y tratamientos para caballeros, Leire ha construido una trayectoria basada en la [&hellip;]\" \/>\n<meta property=\"og:url\" content=\"https:\/\/peluqueriamasculinaleire.com\/eu\/\" \/>\n<meta property=\"og:site_name\" content=\"Peluqueria Masculina Leire\" \/>\n<meta property=\"article:modified_time\" content=\"2025-05-15T13:32:26+00:00\" \/>\n<meta property=\"og:image\" content=\"https:\/\/peluqueriamasculinaleire.com\/wp-content\/uploads\/2025\/04\/historia_enhanced-1024x737.png\" \/>\n\t<meta property=\"og:image:width\" content=\"1024\" \/>\n\t<meta property=\"og:image:height\" content=\"737\" \/>\n\t<meta property=\"og:image:type\" content=\"image\/png\" \/>\n<meta name=\"twitter:card\" content=\"summary_large_image\" \/>\n<meta name=\"twitter:label1\" content=\"Est. reading time\" \/>\n\t<meta name=\"twitter:data1\" content=\"1 minutua\" \/>\n<script type=\"application\/ld+json\" class=\"yoast-schema-graph\">{\"@context\":\"https:\\\/\\\/schema.org\",\"@graph\":[{\"@type\":\"WebPage\",\"@id\":\"https:\\\/\\\/peluqueriamasculinaleire.com\\\/\",\"url\":\"https:\\\/\\\/peluqueriamasculinaleire.com\\\/\",\"name\":\"Inicio - Peluqueria Masculina Leire\",\"isPartOf\":{\"@id\":\"https:\\\/\\\/peluqueriamasculinaleire.com\\\/#website\"},\"primaryImageOfPage\":{\"@id\":\"https:\\\/\\\/peluqueriamasculinaleire.com\\\/#primaryimage\"},\"image\":{\"@id\":\"https:\\\/\\\/peluqueriamasculinaleire.com\\\/#primaryimage\"},\"thumbnailUrl\":\"https:\\\/\\\/peluqueriamasculinaleire.com\\\/wp-content\\\/uploads\\\/2025\\\/04\\\/historia_enhanced.png\",\"datePublished\":\"2025-04-29T14:29:00+00:00\",\"dateModified\":\"2025-05-15T13:32:26+00:00\",\"breadcrumb\":{\"@id\":\"https:\\\/\\\/peluqueriamasculinaleire.com\\\/#breadcrumb\"},\"inLanguage\":\"eu\",\"potentialAction\":[{\"@type\":\"ReadAction\",\"target\":[\"https:\\\/\\\/peluqueriamasculinaleire.com\\\/\"]}]},{\"@type\":\"ImageObject\",\"inLanguage\":\"eu\",\"@id\":\"https:\\\/\\\/peluqueriamasculinaleire.com\\\/#primaryimage\",\"url\":\"https:\\\/\\\/peluqueriamasculinaleire.com\\\/wp-content\\\/uploads\\\/2025\\\/04\\\/historia_enhanced.png\",\"contentUrl\":\"https:\\\/\\\/peluqueriamasculinaleire.com\\\/wp-content\\\/uploads\\\/2025\\\/04\\\/historia_enhanced.png\"},{\"@type\":\"BreadcrumbList\",\"@id\":\"https:\\\/\\\/peluqueriamasculinaleire.com\\\/#breadcrumb\",\"itemListElement\":[{\"@type\":\"ListItem\",\"position\":1,\"name\":\"Portada\",\"item\":\"https:\\\/\\\/peluqueriamasculinaleire.com\\\/\"},{\"@type\":\"ListItem\",\"position\":2,\"name\":\"Inicio\"}]},{\"@type\":\"WebSite\",\"@id\":\"https:\\\/\\\/peluqueriamasculinaleire.com\\\/#website\",\"url\":\"https:\\\/\\\/peluqueriamasculinaleire.com\\\/\",\"name\":\"Peluqueria Masculina Leire\",\"description\":\"\",\"publisher\":{\"@id\":\"https:\\\/\\\/peluqueriamasculinaleire.com\\\/#organization\"},\"potentialAction\":[{\"@type\":\"SearchAction\",\"target\":{\"@type\":\"EntryPoint\",\"urlTemplate\":\"https:\\\/\\\/peluqueriamasculinaleire.com\\\/?s={search_term_string}\"},\"query-input\":{\"@type\":\"PropertyValueSpecification\",\"valueRequired\":true,\"valueName\":\"search_term_string\"}}],\"inLanguage\":\"eu\"},{\"@type\":\"Organization\",\"@id\":\"https:\\\/\\\/peluqueriamasculinaleire.com\\\/#organization\",\"name\":\"Peluqueria Masculina Leire\",\"url\":\"https:\\\/\\\/peluqueriamasculinaleire.com\\\/\",\"logo\":{\"@type\":\"ImageObject\",\"inLanguage\":\"eu\",\"@id\":\"https:\\\/\\\/peluqueriamasculinaleire.com\\\/#\\\/schema\\\/logo\\\/image\\\/\",\"url\":\"https:\\\/\\\/peluqueriamasculinaleire.com\\\/wp-content\\\/uploads\\\/2025\\\/04\\\/cropped-WhatsApp-Image-2025-04-28-at-10.22.40-e1747147811332.jpeg\",\"contentUrl\":\"https:\\\/\\\/peluqueriamasculinaleire.com\\\/wp-content\\\/uploads\\\/2025\\\/04\\\/cropped-WhatsApp-Image-2025-04-28-at-10.22.40-e1747147811332.jpeg\",\"width\":500,\"height\":179,\"caption\":\"Peluqueria Masculina Leire\"},\"image\":{\"@id\":\"https:\\\/\\\/peluqueriamasculinaleire.com\\\/#\\\/schema\\\/logo\\\/image\\\/\"}}]}<\/script>\n<!-- \/ Yoast SEO plugin. -->","yoast_head_json":{"title":"Inicio - Peluqueria Masculina Leire","robots":{"index":"index","follow":"follow","max-snippet":"max-snippet:-1","max-image-preview":"max-image-preview:large","max-video-preview":"max-video-preview:-1"},"canonical":"https:\/\/peluqueriamasculinaleire.com\/eu\/","og_locale":"en_US","og_type":"article","og_title":"Inicio - Peluqueria Masculina Leire","og_description":"Nuestra Historia La Peluquer\u00eda Masculina Leire lleva ofreciendo sus servicios en Gernika de manera ininterrumpida desde el a\u00f1o 2000, consolid\u00e1ndose como un referente en el cuidado masculino en la zona. Con una s\u00f3lida formaci\u00f3n en peluquer\u00eda y est\u00e9tica, y una especializaci\u00f3n en cortes y tratamientos para caballeros, Leire ha construido una trayectoria basada en la [&hellip;]","og_url":"https:\/\/peluqueriamasculinaleire.com\/eu\/","og_site_name":"Peluqueria Masculina Leire","article_modified_time":"2025-05-15T13:32:26+00:00","og_image":[{"width":1024,"height":737,"url":"https:\/\/peluqueriamasculinaleire.com\/wp-content\/uploads\/2025\/04\/historia_enhanced-1024x737.png","type":"image\/png"}],"twitter_card":"summary_large_image","twitter_misc":{"Est. reading time":"1 minutua"},"schema":{"@context":"https:\/\/schema.org","@graph":[{"@type":"WebPage","@id":"https:\/\/peluqueriamasculinaleire.com\/","url":"https:\/\/peluqueriamasculinaleire.com\/","name":"Inicio - Peluqueria Masculina Leire","isPartOf":{"@id":"https:\/\/peluqueriamasculinaleire.com\/#website"},"primaryImageOfPage":{"@id":"https:\/\/peluqueriamasculinaleire.com\/#primaryimage"},"image":{"@id":"https:\/\/peluqueriamasculinaleire.com\/#primaryimage"},"thumbnailUrl":"https:\/\/peluqueriamasculinaleire.com\/wp-content\/uploads\/2025\/04\/historia_enhanced.png","datePublished":"2025-04-29T14:29:00+00:00","dateModified":"2025-05-15T13:32:26+00:00","breadcrumb":{"@id":"https:\/\/peluqueriamasculinaleire.com\/#breadcrumb"},"inLanguage":"eu","potentialAction":[{"@type":"ReadAction","target":["https:\/\/peluqueriamasculinaleire.com\/"]}]},{"@type":"ImageObject","inLanguage":"eu","@id":"https:\/\/peluqueriamasculinaleire.com\/#primaryimage","url":"https:\/\/peluqueriamasculinaleire.com\/wp-content\/uploads\/2025\/04\/historia_enhanced.png","contentUrl":"https:\/\/peluqueriamasculinaleire.com\/wp-content\/uploads\/2025\/04\/historia_enhanced.png"},{"@type":"BreadcrumbList","@id":"https:\/\/peluqueriamasculinaleire.com\/#breadcrumb","itemListElement":[{"@type":"ListItem","position":1,"name":"Portada","item":"https:\/\/peluqueriamasculinaleire.com\/"},{"@type":"ListItem","position":2,"name":"Inicio"}]},{"@type":"WebSite","@id":"https:\/\/peluqueriamasculinaleire.com\/#website","url":"https:\/\/peluqueriamasculinaleire.com\/","name":"Peluqueria Masculina Leire","description":"","publisher":{"@id":"https:\/\/peluqueriamasculinaleire.com\/#organization"},"potentialAction":[{"@type":"SearchAction","target":{"@type":"EntryPoint","urlTemplate":"https:\/\/peluqueriamasculinaleire.com\/?s={search_term_string}"},"query-input":{"@type":"PropertyValueSpecification","valueRequired":true,"valueName":"search_term_string"}}],"inLanguage":"eu"},{"@type":"Organization","@id":"https:\/\/peluqueriamasculinaleire.com\/#organization","name":"Peluqueria Masculina Leire","url":"https:\/\/peluqueriamasculinaleire.com\/","logo":{"@type":"ImageObject","inLanguage":"eu","@id":"https:\/\/peluqueriamasculinaleire.com\/#\/schema\/logo\/image\/","url":"https:\/\/peluqueriamasculinaleire.com\/wp-content\/uploads\/2025\/04\/cropped-WhatsApp-Image-2025-04-28-at-10.22.40-e1747147811332.jpeg","contentUrl":"https:\/\/peluqueriamasculinaleire.com\/wp-content\/uploads\/2025\/04\/cropped-WhatsApp-Image-2025-04-28-at-10.22.40-e1747147811332.jpeg","width":500,"height":179,"caption":"Peluqueria Masculina Leire"},"image":{"@id":"https:\/\/peluqueriamasculinaleire.com\/#\/schema\/logo\/image\/"}}]}},"_links":{"self":[{"href":"https:\/\/peluqueriamasculinaleire.com\/eu\/wp-json\/wp\/v2\/pages\/2","targetHints":{"allow":["GET"]}}],"collection":[{"href":"https:\/\/peluqueriamasculinaleire.com\/eu\/wp-json\/wp\/v2\/pages"}],"about":[{"href":"https:\/\/peluqueriamasculinaleire.com\/eu\/wp-json\/wp\/v2\/types\/page"}],"author":[{"embeddable":true,"href":"https:\/\/peluqueriamasculinaleire.com\/eu\/wp-json\/wp\/v2\/users\/1"}],"replies":[{"embeddable":true,"href":"https:\/\/peluqueriamasculinaleire.com\/eu\/wp-json\/wp\/v2\/comments?post=2"}],"version-history":[{"count":154,"href":"https:\/\/peluqueriamasculinaleire.com\/eu\/wp-json\/wp\/v2\/pages\/2\/revisions"}],"predecessor-version":[{"id":709,"href":"https:\/\/peluqueriamasculinaleire.com\/eu\/wp-json\/wp\/v2\/pages\/2\/revisions\/709"}],"wp:attachment":[{"href":"https:\/\/peluqueriamasculinaleire.com\/eu\/wp-json\/wp\/v2\/media?parent=2"}],"curies":[{"name":"wp","href":"https:\/\/api.w.org\/{rel}","templated":true}]}}